{"id":9732,"date":"2023-02-09T09:47:05","date_gmt":"2023-02-09T09:47:05","guid":{"rendered":"https:\/\/malaguti-bicycles.com\/aline-bock\/"},"modified":"2023-03-09T16:26:24","modified_gmt":"2023-03-09T16:26:24","slug":"aline-bock","status":"publish","type":"page","link":"https:\/\/malaguti-bicycles.com\/fr\/aline-bock\/","title":{"rendered":"Aline Bock"},"content":{"rendered":"","protected":false},"excerpt":{"rendered":"","protected":false},"author":20,"featured_media":0,"parent":0,"menu_order":0,"comment_status":"closed","ping_status":"closed","template":"template-content-page.php","meta":{"inline_featured_image":false},"acf":{"content":[{"acf_fc_layout":"text_area","text":"<h1>Ambassadeurs de marque<\/h1>\n","cta_button_label":"","cta_link":null},{"acf_fc_layout":"image_grid","image_grid_images":[{"grid_image":{"ID":8253,"id":8253,"title":"aline_bock_wald","filename":"aline_bock_wald.webp","filesize":290822,"url":"https:\/\/malaguti-bicycles.com\/wp-content\/uploads\/sites\/2\/2022\/10\/aline_bock_wald.webp","link":"https:\/\/malaguti-bicycles.com\/fr\/aline-bock\/aline_bock_wald-2\/","alt":"Aline Bock Brand Buddies","author":"20","description":"","caption":"","name":"aline_bock_wald-2","status":"inherit","uploaded_to":9732,"date":"2022-10-24 11:44:32","modified":"2023-02-09 09:47:07","menu_order":0,"mime_type":"image\/webp","type":"image","subtype":"webp","icon":"https:\/\/malaguti-bicycles.com\/wp-includes\/images\/media\/default.png","width":1813,"height":1020,"sizes":{"thumbnail":"https:\/\/malaguti-bicycles.com\/wp-content\/uploads\/sites\/2\/2022\/10\/aline_bock_wald-150x150.webp","thumbnail-width":150,"thumbnail-height":150,"medium":"https:\/\/malaguti-bicycles.com\/wp-content\/uploads\/sites\/2\/2022\/10\/aline_bock_wald-300x169.webp","medium-width":300,"medium-height":169,"medium_large":"https:\/\/malaguti-bicycles.com\/wp-content\/uploads\/sites\/2\/2022\/10\/aline_bock_wald-768x432.webp","medium_large-width":768,"medium_large-height":432,"large":"https:\/\/malaguti-bicycles.com\/wp-content\/uploads\/sites\/2\/2022\/10\/aline_bock_wald-1024x576.webp","large-width":1024,"large-height":576,"1536x1536":"https:\/\/malaguti-bicycles.com\/wp-content\/uploads\/sites\/2\/2022\/10\/aline_bock_wald-1536x864.webp","1536x1536-width":1536,"1536x1536-height":864,"2048x2048":"https:\/\/malaguti-bicycles.com\/wp-content\/uploads\/sites\/2\/2022\/10\/aline_bock_wald.webp","2048x2048-width":1813,"2048x2048-height":1020}},"grid_image_width":"100"}]},{"acf_fc_layout":"spacer","desktop":"100","tablet":"75","phone":"50","background_colour":"#000"},{"acf_fc_layout":"text_image","text":"<h1>Aline Bock<\/h1>\n<p><strong>Date de naissance :<\/strong>\u00a01982 \u00e0 Gie\u00dfen (Allemagne)<\/p>\n<p><strong>Domicile :<\/strong>\u00a0Innsbruck<\/p>\n<p><strong>Disciplines :<\/strong>\u00a0Snowboard (Slopestyle, Freeride, Halfpipe), mais aussi surf, VTT, sports outdoor avec les enfants<\/p>\n<p><strong>Palmar\u00e8s :<\/strong>\u00a0Championne du Monde de Freeride (Snowboard)<\/p>\n<p><strong>V\u00e9lo pr\u00e9f\u00e9r\u00e9 :<\/strong>\u00a0CIVETTA FS 6.1<\/p>\n","image":{"ID":8310,"id":8310,"title":"aline_bock_portrait_3","filename":"aline_bock_portrait_3.webp","filesize":121794,"url":"https:\/\/malaguti-bicycles.com\/wp-content\/uploads\/sites\/2\/2022\/10\/aline_bock_portrait_3.webp","link":"https:\/\/malaguti-bicycles.com\/fr\/aline-bock\/aline_bock_portrait_3-2\/","alt":"Malaguti Aline Bock","author":"20","description":"","caption":"","name":"aline_bock_portrait_3-2","status":"inherit","uploaded_to":9732,"date":"2022-10-24 12:06:45","modified":"2023-02-09 09:47:07","menu_order":0,"mime_type":"image\/webp","type":"image","subtype":"webp","icon":"https:\/\/malaguti-bicycles.com\/wp-includes\/images\/media\/default.png","width":800,"height":1067,"sizes":{"thumbnail":"https:\/\/malaguti-bicycles.com\/wp-content\/uploads\/sites\/2\/2022\/10\/aline_bock_portrait_3-150x150.webp","thumbnail-width":150,"thumbnail-height":150,"medium":"https:\/\/malaguti-bicycles.com\/wp-content\/uploads\/sites\/2\/2022\/10\/aline_bock_portrait_3-225x300.webp","medium-width":225,"medium-height":300,"medium_large":"https:\/\/malaguti-bicycles.com\/wp-content\/uploads\/sites\/2\/2022\/10\/aline_bock_portrait_3-768x1024.webp","medium_large-width":768,"medium_large-height":1024,"large":"https:\/\/malaguti-bicycles.com\/wp-content\/uploads\/sites\/2\/2022\/10\/aline_bock_portrait_3-768x1024.webp","large-width":768,"large-height":1024,"1536x1536":"https:\/\/malaguti-bicycles.com\/wp-content\/uploads\/sites\/2\/2022\/10\/aline_bock_portrait_3.webp","1536x1536-width":800,"1536x1536-height":1067,"2048x2048":"https:\/\/malaguti-bicycles.com\/wp-content\/uploads\/sites\/2\/2022\/10\/aline_bock_portrait_3.webp","2048x2048-width":800,"2048x2048-height":1067}},"options":{"image_position":"image-position-right","background_colour":"background-white","width":"","vertical_padding":""}},{"acf_fc_layout":"text_image","text":"<p><strong>Pourquoi ?\u00a0<\/strong>Le Civetta FS 6.1 m\u2019emm\u00e8ne partout, souvent \u00e9quip\u00e9 de la remorque. Sans v\u00e9lo \u00e9lectrique Malaguti, j\u2019\u00e9tais auparavant assez d\u00e9munie, car autour de notre domicile, il y a des mont\u00e9es tr\u00e8s raides partout et je devais me contenter d\u2019emmener mes 2 enfants sur les rares portions plates. Avec le temps, c\u2019\u00e9tait devenu assez monotone. Maintenant, je peux enfin acc\u00e9der aux alpages et aux chemins de montagne sans que ce soit un supplice. Cela me donne un v\u00e9ritable sentiment de libert\u00e9 que je n\u2019avais pas auparavant.<\/p>\n<p>Et quand je roule seule, sans mes jumeaux, l\u00e0 aussi, c\u2019est aussi un vrai plaisir de pouvoir parcourir les sentiers juste derri\u00e8re notre domicile pour une petite boucle apr\u00e8s le boulot. Le Civetta est tout simplement un VTT tr\u00e8s polyvalent.<\/p>\n","image":{"ID":8270,"id":8270,"title":"aline_wald","filename":"aline_wald.webp","filesize":311956,"url":"https:\/\/malaguti-bicycles.com\/wp-content\/uploads\/sites\/2\/2022\/10\/aline_wald.webp","link":"https:\/\/malaguti-bicycles.com\/fr\/aline-bock\/aline_wald-2\/","alt":"Aline Bock Wald","author":"20","description":"","caption":"","name":"aline_wald-2","status":"inherit","uploaded_to":9732,"date":"2022-10-24 11:56:00","modified":"2023-02-09 09:47:07","menu_order":0,"mime_type":"image\/webp","type":"image","subtype":"webp","icon":"https:\/\/malaguti-bicycles.com\/wp-includes\/images\/media\/default.png","width":1980,"height":1114,"sizes":{"thumbnail":"https:\/\/malaguti-bicycles.com\/wp-content\/uploads\/sites\/2\/2022\/10\/aline_wald-150x150.webp","thumbnail-width":150,"thumbnail-height":150,"medium":"https:\/\/malaguti-bicycles.com\/wp-content\/uploads\/sites\/2\/2022\/10\/aline_wald-300x169.webp","medium-width":300,"medium-height":169,"medium_large":"https:\/\/malaguti-bicycles.com\/wp-content\/uploads\/sites\/2\/2022\/10\/aline_wald-768x432.webp","medium_large-width":768,"medium_large-height":432,"large":"https:\/\/malaguti-bicycles.com\/wp-content\/uploads\/sites\/2\/2022\/10\/aline_wald-1024x576.webp","large-width":1024,"large-height":576,"1536x1536":"https:\/\/malaguti-bicycles.com\/wp-content\/uploads\/sites\/2\/2022\/10\/aline_wald-1536x864.webp","1536x1536-width":1536,"1536x1536-height":864,"2048x2048":"https:\/\/malaguti-bicycles.com\/wp-content\/uploads\/sites\/2\/2022\/10\/aline_wald.webp","2048x2048-width":1980,"2048x2048-height":1114}},"options":{"image_position":"image-position-left","background_colour":"background-black","width":"","vertical_padding":""}},{"acf_fc_layout":"text_image","text":"<p><strong>Lieu de pratique :<\/strong>\u00a0Au pied des montagnes qui entourent Innsbruck, dans les alpages et les sentiers \u00e0 proximit\u00e9.<\/p>\n<p><strong>5 mots pour te d\u00e9crire :<\/strong>\u00a0avide d\u2019aventure, dot\u00e9 d\u2019un esprit d\u2019\u00e9quipe, aimant voyager, t\u00eatue et sportive<\/p>\n","image":{"ID":8329,"id":8329,"title":"aline_bock_action_wald","filename":"aline_bock_action_wald.webp","filesize":153920,"url":"https:\/\/malaguti-bicycles.com\/wp-content\/uploads\/sites\/2\/2022\/10\/aline_bock_action_wald.webp","link":"https:\/\/malaguti-bicycles.com\/fr\/aline-bock\/aline_bock_action_wald-2\/","alt":"Malaguti Aline Bock","author":"20","description":"","caption":"","name":"aline_bock_action_wald-2","status":"inherit","uploaded_to":9732,"date":"2022-10-24 12:11:57","modified":"2023-02-09 09:47:07","menu_order":0,"mime_type":"image\/webp","type":"image","subtype":"webp","icon":"https:\/\/malaguti-bicycles.com\/wp-includes\/images\/media\/default.png","width":1024,"height":768,"sizes":{"thumbnail":"https:\/\/malaguti-bicycles.com\/wp-content\/uploads\/sites\/2\/2022\/10\/aline_bock_action_wald-150x150.webp","thumbnail-width":150,"thumbnail-height":150,"medium":"https:\/\/malaguti-bicycles.com\/wp-content\/uploads\/sites\/2\/2022\/10\/aline_bock_action_wald-300x225.webp","medium-width":300,"medium-height":225,"medium_large":"https:\/\/malaguti-bicycles.com\/wp-content\/uploads\/sites\/2\/2022\/10\/aline_bock_action_wald-768x576.webp","medium_large-width":768,"medium_large-height":576,"large":"https:\/\/malaguti-bicycles.com\/wp-content\/uploads\/sites\/2\/2022\/10\/aline_bock_action_wald.webp","large-width":1024,"large-height":768,"1536x1536":"https:\/\/malaguti-bicycles.com\/wp-content\/uploads\/sites\/2\/2022\/10\/aline_bock_action_wald.webp","1536x1536-width":1024,"1536x1536-height":768,"2048x2048":"https:\/\/malaguti-bicycles.com\/wp-content\/uploads\/sites\/2\/2022\/10\/aline_bock_action_wald.webp","2048x2048-width":1024,"2048x2048-height":768}},"options":{"image_position":"image-position-right","background_colour":"background-white","width":"","vertical_padding":""}},{"acf_fc_layout":"text_image","text":"<p><strong>Ce qu\u2019on ne sait peut-\u00eatre pas encore sur moi :<\/strong><\/p>\n<p>Je ne suis pas dou\u00e9 avec les batteries ! Mon t\u00e9l\u00e9phone et mon ordinateur, par exemple, ne sont jamais compl\u00e8tement charg\u00e9s et mon niveau de batterie est presque toujours inf\u00e9rieur \u00e0 10%. Je suis une habitu\u00e9e des coupures soudaines lors d\u2019appels t\u00e9l\u00e9phoniques importants ou de vid\u00e9o-conf\u00e9rences.<\/p>\n<p>Evidemment, cela m\u2019a d\u00e9j\u00e0 \u00e9t\u00e9 fatal lors d\u2019une de mes promenades avec les enfants.<br \/>\nJ\u2019avais une fois de plus oubli\u00e9 de charger la batterie du v\u00e9lo \u00e9lectrique Malaguti et je suis donc partie avec les jumeaux sans me douter de rien. Je pr\u00e9cise que notre village est situ\u00e9 au milieu des montagnes et il n\u2019y a aucune pistes cyclables plates. Je suis arriv\u00e9 \u00e0 la maison avec environ 30 minutes de retard et en sueur. Quand on n\u2019a pas de t\u00eate, on a des jambnes ! Au sens propre du terme.<\/p>\n","image":{"ID":8321,"id":8321,"title":"aline_bock_wand","filename":"aline_bock_wand.webp","filesize":196690,"url":"https:\/\/malaguti-bicycles.com\/wp-content\/uploads\/sites\/2\/2022\/10\/aline_bock_wand.webp","link":"https:\/\/malaguti-bicycles.com\/fr\/aline-bock\/aline_bock_wand-2\/","alt":"Malaguti Aline Bock","author":"20","description":"","caption":"","name":"aline_bock_wand-2","status":"inherit","uploaded_to":9732,"date":"2022-10-24 12:11:56","modified":"2023-02-09 09:47:07","menu_order":0,"mime_type":"image\/webp","type":"image","subtype":"webp","icon":"https:\/\/malaguti-bicycles.com\/wp-includes\/images\/media\/default.png","width":1024,"height":768,"sizes":{"thumbnail":"https:\/\/malaguti-bicycles.com\/wp-content\/uploads\/sites\/2\/2022\/10\/aline_bock_wand-150x150.webp","thumbnail-width":150,"thumbnail-height":150,"medium":"https:\/\/malaguti-bicycles.com\/wp-content\/uploads\/sites\/2\/2022\/10\/aline_bock_wand-300x225.webp","medium-width":300,"medium-height":225,"medium_large":"https:\/\/malaguti-bicycles.com\/wp-content\/uploads\/sites\/2\/2022\/10\/aline_bock_wand-768x576.webp","medium_large-width":768,"medium_large-height":576,"large":"https:\/\/malaguti-bicycles.com\/wp-content\/uploads\/sites\/2\/2022\/10\/aline_bock_wand.webp","large-width":1024,"large-height":768,"1536x1536":"https:\/\/malaguti-bicycles.com\/wp-content\/uploads\/sites\/2\/2022\/10\/aline_bock_wand.webp","1536x1536-width":1024,"1536x1536-height":768,"2048x2048":"https:\/\/malaguti-bicycles.com\/wp-content\/uploads\/sites\/2\/2022\/10\/aline_bock_wand.webp","2048x2048-width":1024,"2048x2048-height":768}},"options":{"image_position":"image-position-left","background_colour":"background-white","width":"","vertical_padding":""}},{"acf_fc_layout":"image_grid","image_grid_images":[{"grid_image":{"ID":8294,"id":8294,"title":"aline_bock_portrait_1","filename":"aline_bock_portrait_1.webp","filesize":164456,"url":"https:\/\/malaguti-bicycles.com\/wp-content\/uploads\/sites\/2\/2022\/10\/aline_bock_portrait_1.webp","link":"https:\/\/malaguti-bicycles.com\/fr\/aline-bock\/aline_bock_portrait_1-2\/","alt":"Aline Bock Portrait","author":"20","description":"","caption":"","name":"aline_bock_portrait_1-2","status":"inherit","uploaded_to":9732,"date":"2022-10-24 12:06:12","modified":"2023-02-09 09:47:07","menu_order":0,"mime_type":"image\/webp","type":"image","subtype":"webp","icon":"https:\/\/malaguti-bicycles.com\/wp-includes\/images\/media\/default.png","width":1980,"height":1114,"sizes":{"thumbnail":"https:\/\/malaguti-bicycles.com\/wp-content\/uploads\/sites\/2\/2022\/10\/aline_bock_portrait_1-150x150.webp","thumbnail-width":150,"thumbnail-height":150,"medium":"https:\/\/malaguti-bicycles.com\/wp-content\/uploads\/sites\/2\/2022\/10\/aline_bock_portrait_1-300x169.webp","medium-width":300,"medium-height":169,"medium_large":"https:\/\/malaguti-bicycles.com\/wp-content\/uploads\/sites\/2\/2022\/10\/aline_bock_portrait_1-768x432.webp","medium_large-width":768,"medium_large-height":432,"large":"https:\/\/malaguti-bicycles.com\/wp-content\/uploads\/sites\/2\/2022\/10\/aline_bock_portrait_1-1024x576.webp","large-width":1024,"large-height":576,"1536x1536":"https:\/\/malaguti-bicycles.com\/wp-content\/uploads\/sites\/2\/2022\/10\/aline_bock_portrait_1-1536x864.webp","1536x1536-width":1536,"1536x1536-height":864,"2048x2048":"https:\/\/malaguti-bicycles.com\/wp-content\/uploads\/sites\/2\/2022\/10\/aline_bock_portrait_1.webp","2048x2048-width":1980,"2048x2048-height":1114}},"grid_image_width":"100"},{"grid_image":{"ID":8302,"id":8302,"title":"aline_bock_portrait_2","filename":"aline_bock_portrait_2.webp","filesize":121580,"url":"https:\/\/malaguti-bicycles.com\/wp-content\/uploads\/sites\/2\/2022\/10\/aline_bock_portrait_2.webp","link":"https:\/\/malaguti-bicycles.com\/fr\/aline-bock\/aline_bock_portrait_2-2\/","alt":"Malaguti Aline Bock","author":"20","description":"","caption":"","name":"aline_bock_portrait_2-2","status":"inherit","uploaded_to":9732,"date":"2022-10-24 12:06:44","modified":"2023-02-09 09:47:07","menu_order":0,"mime_type":"image\/webp","type":"image","subtype":"webp","icon":"https:\/\/malaguti-bicycles.com\/wp-includes\/images\/media\/default.png","width":800,"height":1067,"sizes":{"thumbnail":"https:\/\/malaguti-bicycles.com\/wp-content\/uploads\/sites\/2\/2022\/10\/aline_bock_portrait_2-150x150.webp","thumbnail-width":150,"thumbnail-height":150,"medium":"https:\/\/malaguti-bicycles.com\/wp-content\/uploads\/sites\/2\/2022\/10\/aline_bock_portrait_2-225x300.webp","medium-width":225,"medium-height":300,"medium_large":"https:\/\/malaguti-bicycles.com\/wp-content\/uploads\/sites\/2\/2022\/10\/aline_bock_portrait_2-768x1024.webp","medium_large-width":768,"medium_large-height":1024,"large":"https:\/\/malaguti-bicycles.com\/wp-content\/uploads\/sites\/2\/2022\/10\/aline_bock_portrait_2-768x1024.webp","large-width":768,"large-height":1024,"1536x1536":"https:\/\/malaguti-bicycles.com\/wp-content\/uploads\/sites\/2\/2022\/10\/aline_bock_portrait_2.webp","1536x1536-width":800,"1536x1536-height":1067,"2048x2048":"https:\/\/malaguti-bicycles.com\/wp-content\/uploads\/sites\/2\/2022\/10\/aline_bock_portrait_2.webp","2048x2048-width":800,"2048x2048-height":1067}},"grid_image_width":"50"},{"grid_image":{"ID":8919,"id":8919,"title":"aliine_bock_wald_abfahrt","filename":"aliine_bock_wald_abfahrt.webp","filesize":227060,"url":"https:\/\/malaguti-bicycles.com\/wp-content\/uploads\/sites\/2\/2022\/12\/aliine_bock_wald_abfahrt.webp","link":"https:\/\/malaguti-bicycles.com\/fr\/aline-bock\/aliine_bock_wald_abfahrt-2\/","alt":"Aline Bock Abfahrt","author":"20","description":"","caption":"","name":"aliine_bock_wald_abfahrt-2","status":"inherit","uploaded_to":9732,"date":"2022-12-12 14:06:43","modified":"2023-02-09 09:47:07","menu_order":0,"mime_type":"image\/webp","type":"image","subtype":"webp","icon":"https:\/\/malaguti-bicycles.com\/wp-includes\/images\/media\/default.png","width":820,"height":1094,"sizes":{"thumbnail":"https:\/\/malaguti-bicycles.com\/wp-content\/uploads\/sites\/2\/2022\/12\/aliine_bock_wald_abfahrt-150x150.webp","thumbnail-width":150,"thumbnail-height":150,"medium":"https:\/\/malaguti-bicycles.com\/wp-content\/uploads\/sites\/2\/2022\/12\/aliine_bock_wald_abfahrt-225x300.webp","medium-width":225,"medium-height":300,"medium_large":"https:\/\/malaguti-bicycles.com\/wp-content\/uploads\/sites\/2\/2022\/12\/aliine_bock_wald_abfahrt-768x1025.webp","medium_large-width":768,"medium_large-height":1025,"large":"https:\/\/malaguti-bicycles.com\/wp-content\/uploads\/sites\/2\/2022\/12\/aliine_bock_wald_abfahrt-768x1024.webp","large-width":768,"large-height":1024,"1536x1536":"https:\/\/malaguti-bicycles.com\/wp-content\/uploads\/sites\/2\/2022\/12\/aliine_bock_wald_abfahrt.webp","1536x1536-width":820,"1536x1536-height":1094,"2048x2048":"https:\/\/malaguti-bicycles.com\/wp-content\/uploads\/sites\/2\/2022\/12\/aliine_bock_wald_abfahrt.webp","2048x2048-width":820,"2048x2048-height":1094}},"grid_image_width":"50"}]},{"acf_fc_layout":"text_area","text":"<p><strong>Snowboardeuse professionnelle, surfeuse passionn\u00e9e, toujours \u00e0 la recherche de nouvelles exp\u00e9riences \u2013 de pr\u00e9f\u00e9rence en montagne : pas \u00e9tonnant qu\u2019Aline Bock ait maintenant d\u00e9couvert le VTT.<\/strong><\/p>\n<p>En 2008, Aline participe pour la premi\u00e8re fois au Freeride World Tour gr\u00e2ce \u00e0 une wildcard et a remporte sa premi\u00e8re victoire. En 2009 elle termine deuxi\u00e8me au classement g\u00e9n\u00e9ral et l\u2019ann\u00e9e suivante elle obtient la cons\u00e9cration en d\u00e9crochant le titre de championne du monde.<\/p>\n<p>Aline a grandi \u00e0 \u00dcberlingen, au bord du Lac de Constance, \u00e0 la fronti\u00e8re entre la Suisse et l\u2019Autriche. Toute sa famille faisait du ski et son p\u00e8re s\u2019est dit que ce serait bien que les enfants essayent quelque chose de nouveau. Aline est donc mont\u00e9e pour la premi\u00e8re fois sur un snowboard \u00e0 l\u2019\u00e2ge de 12 ans. S\u2019en sont suivies des comp\u00e9titions de freestyle et surtout : \u201cC\u2019est aussi \u00e0 cette \u00e9poque que j\u2019ai d\u00e9couvert la libert\u00e9 pure du freeride en backcountry\u201d.<\/p>\n<p>Pour ses \u00e9tudes en management du sport, Aline s\u2019est install\u00e9e \u00e0 Innsbruck, ce qui va rester son camp de base jusqu\u2019\u00e0 aujourd\u2019hui. Apr\u00e8s avoir connu ses plus grands succ\u00e8s en freeride, elle a d\u00fb faire une longue pause en raison d\u2019une blessure. Aline est certes reconnaissante des opportunit\u00e9s que lui ont offertes ses succ\u00e8s en snowboard, mais le sport professionnelle n\u2019a en fait jamais \u00e9t\u00e9 son unique r\u00eave : \u201cJe n\u2019ai pas besoin d\u2019adr\u00e9naline, je suis tout sauf une drogu\u00e9e de l\u2019adr\u00e9naline\u201d. Pendant la pause forc\u00e9e, elle a eu diff\u00e9rentes offres pour des projets de film et de shootings photo. Les premi\u00e8res sont arriv\u00e9es au bon moment, et les suivantes, elle n\u2019a pas voulu les d\u00e9cliner, malgr\u00e9 la reprise de la comp\u00e9tition. Ses films ont fait le tour du monde, Aline s\u2019est trouv\u00e9e une deuxi\u00e8me passion pour le surf, une formidable fa\u00e7on de recharger ses batteries apr\u00e8s une longue saison hivernale.<\/p>\n<p>2022 a marqu\u00e9 un nouveau tournant, avec son mariage, l\u2019agrandissement de la famille\u2026 et le VTT, v\u00e9cu comme une activit\u00e9 physique en montagne de plus : \u201cAvec Malaguti Bicycles, nous avons \u00e9largi cette ann\u00e9e notre rayon d\u2019action autour d\u2019Innsbruck et pouvons d\u00e9sormais emmener nos jumeaux dans des endroits en pleine nature qui n\u2019\u00e9taient pas accessibles auparavant\u201d.<\/p>\n<p>Nous f\u00e9licitons Aline pour l\u2019arriv\u00e9e des jumeaux et sommes fiers d\u2019avoir non seulement une championne du monde de freeride chez Malaguti, mais aussi une jeune maman qui ne s\u2019arr\u00eatera sans doute pas dans sa d\u00e9couverte du monde !<\/p>\n","cta_button_label":"","cta_link":null}],"meta_description":"Avec ses jumeaux dans la remorque ou seule sur les sentiers de montagne derri\u00e8re chez elle pour la petite sortie apr\u00e8s la journ\u00e9e de travail, le VTT \u00e9lectrique Malaguti apporte vraiment du fun !","meta_keywords":"Aline Bock, Freestyle, Brand Buddies, v\u00e9lo d'enduro, v\u00e9lo, Becane, Bicyclette, VTTAE, VTT \u00c9lectriques, assistance \u00e9lectrique, V\u00e9los \u00c9lectriques,  All Mountain, motorisation, p\u00e9dalage, v\u00e9lo tout-terrain, v\u00e9los hybrides, tout-suspendu, enduro, Cross Country MTB, Cross Country emtb, E mountainbike, Allround e mtb, MTB pedelec, ebike hardtail, Elektrofahrrad, e-bike, ebike, Pedelec, Elektrobike, SRAM, Shimano, Campagnolo, biciletta, bici, giro"},"yoast_head":"<!-- This site is optimized with the Yoast SEO plugin v21.1 - https:\/\/yoast.com\/wordpress\/plugins\/seo\/ -->\n<title>Aline Bock - Malaguti E-bikes<\/title>\n<meta name=\"description\" content=\"Mit den Twins im Gep\u00e4ck oder allein auf den Trails hinter unserem Wohnort f\u00fcr die \u201eFeierabendrunde\u201c macht das Malaguti e-Bike richtig Spass.\" \/>\n<meta name=\"robots\" content=\"index, follow, max-snippet:-1, max-image-preview:large, max-video-preview:-1\" \/>\n<link rel=\"canonical\" href=\"https:\/\/malaguti-bicycles.com\/fr\/aline-bock\/\" \/>\n<meta property=\"og:locale\" content=\"fr_FR\" \/>\n<meta property=\"og:type\" content=\"article\" \/>\n<meta property=\"og:title\" content=\"Aline Bock - Malaguti E-bikes\" \/>\n<meta property=\"og:description\" content=\"Mit den Twins im Gep\u00e4ck oder allein auf den Trails hinter unserem Wohnort f\u00fcr die \u201eFeierabendrunde\u201c macht das Malaguti e-Bike richtig Spass.\" \/>\n<meta property=\"og:url\" content=\"https:\/\/malaguti-bicycles.com\/fr\/aline-bock\/\" \/>\n<meta property=\"og:site_name\" content=\"Malaguti E-bikes\" \/>\n<meta property=\"article:publisher\" content=\"https:\/\/www.facebook.com\/Malaguti.Bicycles\" \/>\n<meta property=\"article:modified_time\" content=\"2023-03-09T16:26:24+00:00\" \/>\n<meta name=\"twitter:card\" content=\"summary_large_image\" \/>\n<script type=\"application\/ld+json\" class=\"yoast-schema-graph\">{\"@context\":\"https:\/\/schema.org\",\"@graph\":[{\"@type\":\"WebPage\",\"@id\":\"https:\/\/malaguti-bicycles.com\/fr\/aline-bock\/\",\"url\":\"https:\/\/malaguti-bicycles.com\/fr\/aline-bock\/\",\"name\":\"Aline Bock - Malaguti E-bikes\",\"isPartOf\":{\"@id\":\"https:\/\/malaguti-bicycles.com\/#website\"},\"datePublished\":\"2023-02-09T09:47:05+00:00\",\"dateModified\":\"2023-03-09T16:26:24+00:00\",\"description\":\"Mit den Twins im Gep\u00e4ck oder allein auf den Trails hinter unserem Wohnort f\u00fcr die \u201eFeierabendrunde\u201c macht das Malaguti e-Bike richtig Spass.\",\"breadcrumb\":{\"@id\":\"https:\/\/malaguti-bicycles.com\/fr\/aline-bock\/#breadcrumb\"},\"inLanguage\":\"fr-FR\",\"potentialAction\":[{\"@type\":\"ReadAction\",\"target\":[\"https:\/\/malaguti-bicycles.com\/fr\/aline-bock\/\"]}]},{\"@type\":\"BreadcrumbList\",\"@id\":\"https:\/\/malaguti-bicycles.com\/fr\/aline-bock\/#breadcrumb\",\"itemListElement\":[{\"@type\":\"ListItem\",\"position\":1,\"name\":\"Startseite\",\"item\":\"https:\/\/malaguti-bicycles.com\/fr\/\"},{\"@type\":\"ListItem\",\"position\":2,\"name\":\"Aline Bock\"}]},{\"@type\":\"WebSite\",\"@id\":\"https:\/\/malaguti-bicycles.com\/#website\",\"url\":\"https:\/\/malaguti-bicycles.com\/\",\"name\":\"Malaguti E-Bikes\",\"description\":\"THE SPIRIT OF BOLOGNA\",\"publisher\":{\"@id\":\"https:\/\/malaguti-bicycles.com\/#organization\"},\"potentialAction\":[{\"@type\":\"SearchAction\",\"target\":{\"@type\":\"EntryPoint\",\"urlTemplate\":\"https:\/\/malaguti-bicycles.com\/?s={search_term_string}\"},\"query-input\":\"required name=search_term_string\"}],\"inLanguage\":\"fr-FR\"},{\"@type\":\"Organization\",\"@id\":\"https:\/\/malaguti-bicycles.com\/#organization\",\"name\":\"Malaguti E-Bikes\",\"alternateName\":\"KSR Group\",\"url\":\"https:\/\/malaguti-bicycles.com\/\",\"logo\":{\"@type\":\"ImageObject\",\"inLanguage\":\"fr-FR\",\"@id\":\"https:\/\/malaguti-bicycles.com\/#\/schema\/logo\/image\/\",\"url\":\"https:\/\/malaguti-bicycles.com\/wp-content\/uploads\/sites\/2\/2023\/03\/KSR_logo.svg\",\"contentUrl\":\"https:\/\/malaguti-bicycles.com\/wp-content\/uploads\/sites\/2\/2023\/03\/KSR_logo.svg\",\"width\":\"1024\",\"height\":\"1024\",\"caption\":\"Malaguti E-Bikes\"},\"image\":{\"@id\":\"https:\/\/malaguti-bicycles.com\/#\/schema\/logo\/image\/\"},\"sameAs\":[\"https:\/\/www.facebook.com\/Malaguti.Bicycles\",\"https:\/\/www.instagram.com\/malaguti_bicycles\/\"]}]}<\/script>\n<!-- \/ Yoast SEO plugin. -->","yoast_head_json":{"title":"Aline Bock - Malaguti E-bikes","description":"Mit den Twins im Gep\u00e4ck oder allein auf den Trails hinter unserem Wohnort f\u00fcr die \u201eFeierabendrunde\u201c macht das Malaguti e-Bike richtig Spass.","robots":{"index":"index","follow":"follow","max-snippet":"max-snippet:-1","max-image-preview":"max-image-preview:large","max-video-preview":"max-video-preview:-1"},"canonical":"https:\/\/malaguti-bicycles.com\/fr\/aline-bock\/","og_locale":"fr_FR","og_type":"article","og_title":"Aline Bock - Malaguti E-bikes","og_description":"Mit den Twins im Gep\u00e4ck oder allein auf den Trails hinter unserem Wohnort f\u00fcr die \u201eFeierabendrunde\u201c macht das Malaguti e-Bike richtig Spass.","og_url":"https:\/\/malaguti-bicycles.com\/fr\/aline-bock\/","og_site_name":"Malaguti E-bikes","article_publisher":"https:\/\/www.facebook.com\/Malaguti.Bicycles","article_modified_time":"2023-03-09T16:26:24+00:00","twitter_card":"summary_large_image","schema":{"@context":"https:\/\/schema.org","@graph":[{"@type":"WebPage","@id":"https:\/\/malaguti-bicycles.com\/fr\/aline-bock\/","url":"https:\/\/malaguti-bicycles.com\/fr\/aline-bock\/","name":"Aline Bock - Malaguti E-bikes","isPartOf":{"@id":"https:\/\/malaguti-bicycles.com\/#website"},"datePublished":"2023-02-09T09:47:05+00:00","dateModified":"2023-03-09T16:26:24+00:00","description":"Mit den Twins im Gep\u00e4ck oder allein auf den Trails hinter unserem Wohnort f\u00fcr die \u201eFeierabendrunde\u201c macht das Malaguti e-Bike richtig Spass.","breadcrumb":{"@id":"https:\/\/malaguti-bicycles.com\/fr\/aline-bock\/#breadcrumb"},"inLanguage":"fr-FR","potentialAction":[{"@type":"ReadAction","target":["https:\/\/malaguti-bicycles.com\/fr\/aline-bock\/"]}]},{"@type":"BreadcrumbList","@id":"https:\/\/malaguti-bicycles.com\/fr\/aline-bock\/#breadcrumb","itemListElement":[{"@type":"ListItem","position":1,"name":"Startseite","item":"https:\/\/malaguti-bicycles.com\/fr\/"},{"@type":"ListItem","position":2,"name":"Aline Bock"}]},{"@type":"WebSite","@id":"https:\/\/malaguti-bicycles.com\/#website","url":"https:\/\/malaguti-bicycles.com\/","name":"Malaguti E-Bikes","description":"THE SPIRIT OF BOLOGNA","publisher":{"@id":"https:\/\/malaguti-bicycles.com\/#organization"},"potentialAction":[{"@type":"SearchAction","target":{"@type":"EntryPoint","urlTemplate":"https:\/\/malaguti-bicycles.com\/?s={search_term_string}"},"query-input":"required name=search_term_string"}],"inLanguage":"fr-FR"},{"@type":"Organization","@id":"https:\/\/malaguti-bicycles.com\/#organization","name":"Malaguti E-Bikes","alternateName":"KSR Group","url":"https:\/\/malaguti-bicycles.com\/","logo":{"@type":"ImageObject","inLanguage":"fr-FR","@id":"https:\/\/malaguti-bicycles.com\/#\/schema\/logo\/image\/","url":"https:\/\/malaguti-bicycles.com\/wp-content\/uploads\/sites\/2\/2023\/03\/KSR_logo.svg","contentUrl":"https:\/\/malaguti-bicycles.com\/wp-content\/uploads\/sites\/2\/2023\/03\/KSR_logo.svg","width":"1024","height":"1024","caption":"Malaguti E-Bikes"},"image":{"@id":"https:\/\/malaguti-bicycles.com\/#\/schema\/logo\/image\/"},"sameAs":["https:\/\/www.facebook.com\/Malaguti.Bicycles","https:\/\/www.instagram.com\/malaguti_bicycles\/"]}]}},"_links":{"self":[{"href":"https:\/\/malaguti-bicycles.com\/fr\/wp-json\/wp\/v2\/pages\/9732"}],"collection":[{"href":"https:\/\/malaguti-bicycles.com\/fr\/wp-json\/wp\/v2\/pages"}],"about":[{"href":"https:\/\/malaguti-bicycles.com\/fr\/wp-json\/wp\/v2\/types\/page"}],"author":[{"embeddable":true,"href":"https:\/\/malaguti-bicycles.com\/fr\/wp-json\/wp\/v2\/users\/20"}],"replies":[{"embeddable":true,"href":"https:\/\/malaguti-bicycles.com\/fr\/wp-json\/wp\/v2\/comments?post=9732"}],"version-history":[{"count":1,"href":"https:\/\/malaguti-bicycles.com\/fr\/wp-json\/wp\/v2\/pages\/9732\/revisions"}],"predecessor-version":[{"id":10495,"href":"https:\/\/malaguti-bicycles.com\/fr\/wp-json\/wp\/v2\/pages\/9732\/revisions\/10495"}],"wp:attachment":[{"href":"https:\/\/malaguti-bicycles.com\/fr\/wp-json\/wp\/v2\/media?parent=9732"}],"curies":[{"name":"wp","href":"https:\/\/api.w.org\/{rel}","templated":true}]}}