{"id":9729,"date":"2023-02-09T09:45:58","date_gmt":"2023-02-09T09:45:58","guid":{"rendered":"https:\/\/malaguti-bicycles.com\/events\/"},"modified":"2023-02-10T09:53:50","modified_gmt":"2023-02-10T09:53:50","slug":"events","status":"publish","type":"page","link":"https:\/\/malaguti-bicycles.com\/fr_CH\/events\/","title":{"rendered":"Events"},"content":{"rendered":"","protected":false},"excerpt":{"rendered":"","protected":false},"author":20,"featured_media":0,"parent":0,"menu_order":0,"comment_status":"closed","ping_status":"closed","template":"template-content-page.php","meta":{"inline_featured_image":false},"acf":{"content":[{"acf_fc_layout":"image_grid","image_grid_images":[{"grid_image":{"ID":9510,"id":9510,"title":"Trailwerk_Eroeffung","filename":"Trailwerk_Eroeffung.webp","filesize":500908,"url":"https:\/\/malaguti-bicycles.com\/wp-content\/uploads\/sites\/2\/2023\/02\/Trailwerk_Eroeffung.webp","link":"https:\/\/malaguti-bicycles.com\/fr_CH\/events\/trailwerk_eroeffung-2\/","alt":"Malaguti Trailwerk Er\u00f6ffnung Event Wachau","author":"20","description":"","caption":"","name":"trailwerk_eroeffung-2","status":"inherit","uploaded_to":9729,"date":"2023-02-02 12:56:01","modified":"2023-02-09 09:46:00","menu_order":0,"mime_type":"image\/webp","type":"image","subtype":"webp","icon":"https:\/\/malaguti-bicycles.com\/wp-includes\/images\/media\/default.png","width":1980,"height":998,"sizes":{"thumbnail":"https:\/\/malaguti-bicycles.com\/wp-content\/uploads\/sites\/2\/2023\/02\/Trailwerk_Eroeffung-150x150.webp","thumbnail-width":150,"thumbnail-height":150,"medium":"https:\/\/malaguti-bicycles.com\/wp-content\/uploads\/sites\/2\/2023\/02\/Trailwerk_Eroeffung-300x151.webp","medium-width":300,"medium-height":151,"medium_large":"https:\/\/malaguti-bicycles.com\/wp-content\/uploads\/sites\/2\/2023\/02\/Trailwerk_Eroeffung-768x387.webp","medium_large-width":768,"medium_large-height":387,"large":"https:\/\/malaguti-bicycles.com\/wp-content\/uploads\/sites\/2\/2023\/02\/Trailwerk_Eroeffung-1024x516.webp","large-width":1024,"large-height":516,"1536x1536":"https:\/\/malaguti-bicycles.com\/wp-content\/uploads\/sites\/2\/2023\/02\/Trailwerk_Eroeffung-1536x774.webp","1536x1536-width":1536,"1536x1536-height":774,"2048x2048":"https:\/\/malaguti-bicycles.com\/wp-content\/uploads\/sites\/2\/2023\/02\/Trailwerk_Eroeffung.webp","2048x2048-width":1980,"2048x2048-height":998}},"grid_image_width":"100"}]},{"acf_fc_layout":"text_area","text":"<h1>Events<\/h1>\n<p>L&#8217;ann\u00e9e prochaine, les VAE Malaguti seront \u00e0 nouveau pr\u00e9sents sur les grands \u00e9v\u00e9nements d\u00e9di\u00e9s au v\u00e9lo en Europe. Vous aurez la possibilit\u00e9 d\u2019y d\u00e9couvrir et d\u2019essayer une large s\u00e9lection de nos mod\u00e8les.<\/p>\n<p>&nbsp;<\/p>\n","cta_button_label":"","cta_link":null},{"acf_fc_layout":"text_image","text":"<h3>EUROBIKE<\/h3>\n<p><strong>21.-26.6.2023<\/strong><\/p>\n<p>\u00c0 l\u2019EUROBIKE, tout tourne autour du v\u00e9lo et plus globalement de la fili\u00e8re v\u00e9lo.<\/p>\n<p>Dans de nombreuses villes, une place de plus en plus importante est accord\u00e9e au v\u00e9lo comme moyen de d\u00e9placement. Les voies r\u00e9serv\u00e9es aux voitures ont tendance \u00e0 \u00eatre r\u00e9duites et le r\u00e9seau de pistes cyclables se d\u00e9veloppe. En r\u00e9ponse aux grandes d\u00e9fis mondiaux tels que le changement climatique, la digitalisation, l&#8217;urbanisation croissante et les \u00e9volutions d\u00e9mographiques, l\u2019EUROBIKE souhaite accompagner le v\u00e9lo dans sa mutation et en faire \u2013 au-del\u00e0 d\u2019un article de sport et de loisir &#8211; un \u00e9l\u00e9ment central de la mobilit\u00e9 urbaine.<\/p>\n<p>En ce sens, l\u2019EUROBIKE est LA plate-forme centrale de l&#8217;univers du v\u00e9lo et de la mobilit\u00e9 du futur.<\/p>\n<p><a href=\"https:\/\/www.eurobike.com\/de\/\" target=\"_blank\" rel=\"noopener\">Plus d&#8217;informations sur le site officiel<\/a><\/p>\n","image":{"ID":9274,"id":9274,"title":"Eurobike-logo","filename":"Eurobike-logo.png","filesize":5572,"url":"https:\/\/malaguti-bicycles.com\/wp-content\/uploads\/sites\/2\/2023\/01\/Eurobike-logo.png","link":"https:\/\/malaguti-bicycles.com\/fr_CH\/events\/eurobike-logo-2\/","alt":"Eurobike Logo","author":"20","description":"","caption":"","name":"eurobike-logo-2","status":"inherit","uploaded_to":9729,"date":"2023-01-20 11:05:40","modified":"2023-02-09 09:46:00","menu_order":0,"mime_type":"image\/png","type":"image","subtype":"png","icon":"https:\/\/malaguti-bicycles.com\/wp-includes\/images\/media\/default.png","width":200,"height":200,"sizes":{"thumbnail":"https:\/\/malaguti-bicycles.com\/wp-content\/uploads\/sites\/2\/2023\/01\/Eurobike-logo-150x150.png","thumbnail-width":150,"thumbnail-height":150,"medium":"https:\/\/malaguti-bicycles.com\/wp-content\/uploads\/sites\/2\/2023\/01\/Eurobike-logo.png","medium-width":200,"medium-height":200,"medium_large":"https:\/\/malaguti-bicycles.com\/wp-content\/uploads\/sites\/2\/2023\/01\/Eurobike-logo.png","medium_large-width":200,"medium_large-height":200,"large":"https:\/\/malaguti-bicycles.com\/wp-content\/uploads\/sites\/2\/2023\/01\/Eurobike-logo.png","large-width":200,"large-height":200,"1536x1536":"https:\/\/malaguti-bicycles.com\/wp-content\/uploads\/sites\/2\/2023\/01\/Eurobike-logo.png","1536x1536-width":200,"1536x1536-height":200,"2048x2048":"https:\/\/malaguti-bicycles.com\/wp-content\/uploads\/sites\/2\/2023\/01\/Eurobike-logo.png","2048x2048-width":200,"2048x2048-height":200}},"options":{"image_position":"image-position-left","background_colour":"background-white","width":"","vertical_padding":""}},{"acf_fc_layout":"text_image","text":"<h3>Austria on Bike &#8211;\u00a0L\u2019\u00e9v\u00e9nement outdoor d\u00e9di\u00e9 aux tests<\/h3>\n<h5>Dates \u00e0 confirmer<\/h5>\n<p>Le secteur du v\u00e9lo en Autriche dispose d\u00e9sormais d\u2019un nouveau rendez-vous annuel : l\u2019\u00e9v\u00e9nement B2B \u00ab Austria on Bike \u00bb, qui sera reconduit en 2023.<\/p>\n<p>Pour l&#8217;instant, aucune date n\u2019a \u00e9t\u00e9 communiqu\u00e9e. Elle sera publi\u00e9e ici, d\u00e8s qu\u2019elle sera connue.<\/p>\n<p><a href=\"https:\/\/www.vsso.at\/austria-on-bike\/\" target=\"_blank\" rel=\"noopener\">Plus d&#8217;informations sur le site officiel<\/a><\/p>\n","image":{"ID":9282,"id":9282,"title":"Austria-on-Bike_Logo","filename":"Austria-on-Bike_Logo.jpg","filesize":749787,"url":"https:\/\/malaguti-bicycles.com\/wp-content\/uploads\/sites\/2\/2023\/01\/Austria-on-Bike_Logo.jpg","link":"https:\/\/malaguti-bicycles.com\/fr_CH\/events\/austria-on-bike_logo-2\/","alt":"Austria on Bike Logo","author":"20","description":"","caption":"","name":"austria-on-bike_logo-2","status":"inherit","uploaded_to":9729,"date":"2023-01-20 11:11:03","modified":"2023-02-09 09:46:00","menu_order":0,"mime_type":"image\/jpeg","type":"image","subtype":"jpeg","icon":"https:\/\/malaguti-bicycles.com\/wp-includes\/images\/media\/default.png","width":480,"height":321,"sizes":{"thumbnail":"https:\/\/malaguti-bicycles.com\/wp-content\/uploads\/sites\/2\/2023\/01\/Austria-on-Bike_Logo-150x150.jpg","thumbnail-width":150,"thumbnail-height":150,"medium":"https:\/\/malaguti-bicycles.com\/wp-content\/uploads\/sites\/2\/2023\/01\/Austria-on-Bike_Logo-300x201.jpg","medium-width":300,"medium-height":201,"medium_large":"https:\/\/malaguti-bicycles.com\/wp-content\/uploads\/sites\/2\/2023\/01\/Austria-on-Bike_Logo.jpg","medium_large-width":480,"medium_large-height":321,"large":"https:\/\/malaguti-bicycles.com\/wp-content\/uploads\/sites\/2\/2023\/01\/Austria-on-Bike_Logo.jpg","large-width":480,"large-height":321,"1536x1536":"https:\/\/malaguti-bicycles.com\/wp-content\/uploads\/sites\/2\/2023\/01\/Austria-on-Bike_Logo.jpg","1536x1536-width":480,"1536x1536-height":321,"2048x2048":"https:\/\/malaguti-bicycles.com\/wp-content\/uploads\/sites\/2\/2023\/01\/Austria-on-Bike_Logo.jpg","2048x2048-width":480,"2048x2048-height":321}},"options":{"image_position":"image-position-right","background_colour":"background-black","width":"","vertical_padding":""}}],"meta_description":"Malaguti ist auf allen wichtigen Events vertreten und wir freuen und Dich begr\u00fc\u00dfen zu d\u00fcrfen. Aufsteigen und zur Probe fahren .","meta_keywords":"Argus Bike Festival, Bike Festival Riva, E-Bike Days M\u00fcnchen, EUROBIKE, Austria on Bike, Italian Bike Festival, Mountainbike Testival Brixen, e-bike, Malaguti, Pedelec, Ausstellung. Probe fahren, probefahren, Testen, Events, Bikemesse"},"yoast_head":"<!-- This site is optimized with the Yoast SEO plugin v21.1 - https:\/\/yoast.com\/wordpress\/plugins\/seo\/ -->\n<title>Events - Malaguti E-bikes<\/title>\n<meta name=\"description\" content=\"Malaguti ist auf allen wichtigen Events 2023 vertreten und wir freuen und Dich begr\u00fc\u00dfen zu d\u00fcrfen. Aufsteigen und zur Probe fahren .\" \/>\n<meta name=\"robots\" content=\"index, follow, max-snippet:-1, max-image-preview:large, max-video-preview:-1\" \/>\n<link rel=\"canonical\" href=\"https:\/\/malaguti-bicycles.com\/fr_CH\/events\/\" \/>\n<meta property=\"og:locale\" content=\"fr_FR\" \/>\n<meta property=\"og:type\" content=\"article\" \/>\n<meta property=\"og:title\" content=\"Events - Malaguti E-bikes\" \/>\n<meta property=\"og:description\" content=\"Malaguti ist auf allen wichtigen Events 2023 vertreten und wir freuen und Dich begr\u00fc\u00dfen zu d\u00fcrfen. Aufsteigen und zur Probe fahren .\" \/>\n<meta property=\"og:url\" content=\"https:\/\/malaguti-bicycles.com\/fr_CH\/events\/\" \/>\n<meta property=\"og:site_name\" content=\"Malaguti E-bikes\" \/>\n<meta property=\"article:publisher\" content=\"https:\/\/www.facebook.com\/Malaguti.Bicycles\" \/>\n<meta property=\"article:modified_time\" content=\"2023-02-10T09:53:50+00:00\" \/>\n<meta name=\"twitter:card\" content=\"summary_large_image\" \/>\n<script type=\"application\/ld+json\" class=\"yoast-schema-graph\">{\"@context\":\"https:\/\/schema.org\",\"@graph\":[{\"@type\":\"WebPage\",\"@id\":\"https:\/\/malaguti-bicycles.com\/fr_CH\/events\/\",\"url\":\"https:\/\/malaguti-bicycles.com\/fr_CH\/events\/\",\"name\":\"Events - Malaguti E-bikes\",\"isPartOf\":{\"@id\":\"https:\/\/malaguti-bicycles.com\/#website\"},\"datePublished\":\"2023-02-09T09:45:58+00:00\",\"dateModified\":\"2023-02-10T09:53:50+00:00\",\"description\":\"Malaguti ist auf allen wichtigen Events 2023 vertreten und wir freuen und Dich begr\u00fc\u00dfen zu d\u00fcrfen. Aufsteigen und zur Probe fahren .\",\"breadcrumb\":{\"@id\":\"https:\/\/malaguti-bicycles.com\/fr_CH\/events\/#breadcrumb\"},\"inLanguage\":\"fr-CH\",\"potentialAction\":[{\"@type\":\"ReadAction\",\"target\":[\"https:\/\/malaguti-bicycles.com\/fr_CH\/events\/\"]}]},{\"@type\":\"BreadcrumbList\",\"@id\":\"https:\/\/malaguti-bicycles.com\/fr_CH\/events\/#breadcrumb\",\"itemListElement\":[{\"@type\":\"ListItem\",\"position\":1,\"name\":\"Startseite\",\"item\":\"https:\/\/malaguti-bicycles.com\/fr_CH\/\"},{\"@type\":\"ListItem\",\"position\":2,\"name\":\"Events\"}]},{\"@type\":\"WebSite\",\"@id\":\"https:\/\/malaguti-bicycles.com\/#website\",\"url\":\"https:\/\/malaguti-bicycles.com\/\",\"name\":\"Malaguti E-Bikes\",\"description\":\"THE SPIRIT OF BOLOGNA\",\"publisher\":{\"@id\":\"https:\/\/malaguti-bicycles.com\/#organization\"},\"potentialAction\":[{\"@type\":\"SearchAction\",\"target\":{\"@type\":\"EntryPoint\",\"urlTemplate\":\"https:\/\/malaguti-bicycles.com\/?s={search_term_string}\"},\"query-input\":\"required name=search_term_string\"}],\"inLanguage\":\"fr-CH\"},{\"@type\":\"Organization\",\"@id\":\"https:\/\/malaguti-bicycles.com\/#organization\",\"name\":\"Malaguti E-Bikes\",\"alternateName\":\"KSR Group\",\"url\":\"https:\/\/malaguti-bicycles.com\/\",\"logo\":{\"@type\":\"ImageObject\",\"inLanguage\":\"fr-CH\",\"@id\":\"https:\/\/malaguti-bicycles.com\/#\/schema\/logo\/image\/\",\"url\":\"https:\/\/malaguti-bicycles.com\/wp-content\/uploads\/sites\/2\/2023\/03\/KSR_logo.svg\",\"contentUrl\":\"https:\/\/malaguti-bicycles.com\/wp-content\/uploads\/sites\/2\/2023\/03\/KSR_logo.svg\",\"width\":\"1024\",\"height\":\"1024\",\"caption\":\"Malaguti E-Bikes\"},\"image\":{\"@id\":\"https:\/\/malaguti-bicycles.com\/#\/schema\/logo\/image\/\"},\"sameAs\":[\"https:\/\/www.facebook.com\/Malaguti.Bicycles\",\"https:\/\/www.instagram.com\/malaguti_bicycles\/\"]}]}<\/script>\n<!-- \/ Yoast SEO plugin. -->","yoast_head_json":{"title":"Events - Malaguti E-bikes","description":"Malaguti ist auf allen wichtigen Events 2023 vertreten und wir freuen und Dich begr\u00fc\u00dfen zu d\u00fcrfen. Aufsteigen und zur Probe fahren .","robots":{"index":"index","follow":"follow","max-snippet":"max-snippet:-1","max-image-preview":"max-image-preview:large","max-video-preview":"max-video-preview:-1"},"canonical":"https:\/\/malaguti-bicycles.com\/fr_CH\/events\/","og_locale":"fr_FR","og_type":"article","og_title":"Events - Malaguti E-bikes","og_description":"Malaguti ist auf allen wichtigen Events 2023 vertreten und wir freuen und Dich begr\u00fc\u00dfen zu d\u00fcrfen. Aufsteigen und zur Probe fahren .","og_url":"https:\/\/malaguti-bicycles.com\/fr_CH\/events\/","og_site_name":"Malaguti E-bikes","article_publisher":"https:\/\/www.facebook.com\/Malaguti.Bicycles","article_modified_time":"2023-02-10T09:53:50+00:00","twitter_card":"summary_large_image","schema":{"@context":"https:\/\/schema.org","@graph":[{"@type":"WebPage","@id":"https:\/\/malaguti-bicycles.com\/fr_CH\/events\/","url":"https:\/\/malaguti-bicycles.com\/fr_CH\/events\/","name":"Events - Malaguti E-bikes","isPartOf":{"@id":"https:\/\/malaguti-bicycles.com\/#website"},"datePublished":"2023-02-09T09:45:58+00:00","dateModified":"2023-02-10T09:53:50+00:00","description":"Malaguti ist auf allen wichtigen Events 2023 vertreten und wir freuen und Dich begr\u00fc\u00dfen zu d\u00fcrfen. Aufsteigen und zur Probe fahren .","breadcrumb":{"@id":"https:\/\/malaguti-bicycles.com\/fr_CH\/events\/#breadcrumb"},"inLanguage":"fr-CH","potentialAction":[{"@type":"ReadAction","target":["https:\/\/malaguti-bicycles.com\/fr_CH\/events\/"]}]},{"@type":"BreadcrumbList","@id":"https:\/\/malaguti-bicycles.com\/fr_CH\/events\/#breadcrumb","itemListElement":[{"@type":"ListItem","position":1,"name":"Startseite","item":"https:\/\/malaguti-bicycles.com\/fr_CH\/"},{"@type":"ListItem","position":2,"name":"Events"}]},{"@type":"WebSite","@id":"https:\/\/malaguti-bicycles.com\/#website","url":"https:\/\/malaguti-bicycles.com\/","name":"Malaguti E-Bikes","description":"THE SPIRIT OF BOLOGNA","publisher":{"@id":"https:\/\/malaguti-bicycles.com\/#organization"},"potentialAction":[{"@type":"SearchAction","target":{"@type":"EntryPoint","urlTemplate":"https:\/\/malaguti-bicycles.com\/?s={search_term_string}"},"query-input":"required name=search_term_string"}],"inLanguage":"fr-CH"},{"@type":"Organization","@id":"https:\/\/malaguti-bicycles.com\/#organization","name":"Malaguti E-Bikes","alternateName":"KSR Group","url":"https:\/\/malaguti-bicycles.com\/","logo":{"@type":"ImageObject","inLanguage":"fr-CH","@id":"https:\/\/malaguti-bicycles.com\/#\/schema\/logo\/image\/","url":"https:\/\/malaguti-bicycles.com\/wp-content\/uploads\/sites\/2\/2023\/03\/KSR_logo.svg","contentUrl":"https:\/\/malaguti-bicycles.com\/wp-content\/uploads\/sites\/2\/2023\/03\/KSR_logo.svg","width":"1024","height":"1024","caption":"Malaguti E-Bikes"},"image":{"@id":"https:\/\/malaguti-bicycles.com\/#\/schema\/logo\/image\/"},"sameAs":["https:\/\/www.facebook.com\/Malaguti.Bicycles","https:\/\/www.instagram.com\/malaguti_bicycles\/"]}]}},"_links":{"self":[{"href":"https:\/\/malaguti-bicycles.com\/fr_CH\/wp-json\/wp\/v2\/pages\/9729"}],"collection":[{"href":"https:\/\/malaguti-bicycles.com\/fr_CH\/wp-json\/wp\/v2\/pages"}],"about":[{"href":"https:\/\/malaguti-bicycles.com\/fr_CH\/wp-json\/wp\/v2\/types\/page"}],"author":[{"embeddable":true,"href":"https:\/\/malaguti-bicycles.com\/fr_CH\/wp-json\/wp\/v2\/users\/20"}],"replies":[{"embeddable":true,"href":"https:\/\/malaguti-bicycles.com\/fr_CH\/wp-json\/wp\/v2\/comments?post=9729"}],"version-history":[{"count":4,"href":"https:\/\/malaguti-bicycles.com\/fr_CH\/wp-json\/wp\/v2\/pages\/9729\/revisions"}],"predecessor-version":[{"id":9764,"href":"https:\/\/malaguti-bicycles.com\/fr_CH\/wp-json\/wp\/v2\/pages\/9729\/revisions\/9764"}],"wp:attachment":[{"href":"https:\/\/malaguti-bicycles.com\/fr_CH\/wp-json\/wp\/v2\/media?parent=9729"}],"curies":[{"name":"wp","href":"https:\/\/api.w.org\/{rel}","templated":true}]}}